{"id":1629,"date":"2019-03-06T10:18:40","date_gmt":"2019-03-06T09:18:40","guid":{"rendered":"https:\/\/denkmalkunst-kunstdenkmal.de\/wp\/hann-muenden\/?page_id=1629"},"modified":"2021-11-26T12:28:16","modified_gmt":"2021-11-26T11:28:16","slug":"blog","status":"publish","type":"page","link":"https:\/\/denkmalkunst-kunstdenkmal.de\/hann-muenden\/blog\/","title":{"rendered":"Blog"},"content":{"rendered":"<div class=\"fusion-fullwidth fullwidth-box fusion-builder-row-1 fusion-flex-container nonhundred-percent-fullwidth non-hundred-percent-height-scrolling\" style=\"--awb-border-radius-top-left:0px;--awb-border-radius-top-right:0px;--awb-border-radius-bottom-right:0px;--awb-border-radius-bottom-left:0px;--awb-flex-wrap:wrap;\" ><div class=\"fusion-builder-row fusion-row fusion-flex-align-items-flex-start fusion-flex-content-wrap\" style=\"max-width:calc( 1100px + 0px );margin-left: calc(-0px \/ 2 );margin-right: calc(-0px \/ 2 );\"><div class=\"fusion-layout-column fusion_builder_column fusion-builder-column-0 fusion_builder_column_1_1 1_1 fusion-flex-column\" style=\"--awb-bg-size:cover;--awb-width-large:100%;--awb-margin-top-large:50px;--awb-spacing-right-large:0px;--awb-margin-bottom-large:20px;--awb-spacing-left-large:0px;--awb-width-medium:100%;--awb-order-medium:0;--awb-spacing-right-medium:0px;--awb-spacing-left-medium:0px;--awb-width-small:100%;--awb-order-small:0;--awb-spacing-right-small:0px;--awb-spacing-left-small:0px;\"><div class=\"fusion-column-wrapper fusion-column-has-shadow fusion-flex-justify-content-flex-start fusion-content-layout-column\"><div class=\"fusion-title title fusion-title-1 fusion-title-text fusion-title-size-two\" style=\"--awb-margin-top-small:0px;--awb-margin-right-small:0px;--awb-margin-bottom-small:20px;--awb-margin-left-small:0px;\"><div class=\"title-sep-container title-sep-container-left fusion-no-large-visibility fusion-no-medium-visibility fusion-no-small-visibility\"><div class=\"title-sep sep-single sep-solid\" style=\"border-color:#dddddd;\"><\/div><\/div><span class=\"awb-title-spacer fusion-no-large-visibility fusion-no-medium-visibility fusion-no-small-visibility\"><\/span><h2 class=\"fusion-title-heading title-heading-left fusion-responsive-typography-calculated\" style=\"margin:0;--fontSize:40;line-height:1.5;\">ALLE <span style=\"color: #565865;\">AKTUELLEN BEITR\u00c4GE<\/span><\/h2><span class=\"awb-title-spacer\"><\/span><div class=\"title-sep-container title-sep-container-right\"><div class=\"title-sep sep-single sep-solid\" style=\"border-color:#dddddd;\"><\/div><\/div><\/div><div class=\"fusion-text fusion-text-1\"><p>Hier in unserem Blog k\u00f6nnen Sie nochmal alle Beitr\u00e4ge nachlesen.<\/p>\n<\/div><div class=\"fusion-separator fusion-full-width-sep\" style=\"align-self: center;margin-left: auto;margin-right: auto;margin-top:30px;width:100%;\"><\/div><div class=\"fusion-blog-shortcode fusion-blog-shortcode-1 fusion-blog-archive fusion-blog-layout-grid-wrapper fusion-blog-infinite blog\" id=\"blog\"><style type=\"text\/css\">.fusion-blog-shortcode-1 .fusion-blog-layout-grid .fusion-post-grid{padding:20px;}.fusion-blog-shortcode-1 .fusion-posts-container{margin-left: -20px !important; margin-right:-20px !important;}<\/style><div class=\"fusion-posts-container fusion-posts-container-infinite fusion-blog-rollover fusion-blog-layout-grid fusion-blog-layout-grid-3 isotope fusion-blog-equal-heights\" data-pages=\"1\" data-grid-col-space=\"40\" style=\"margin: -20px -20px 0;min-height:500px;\"><article id=\"blog-1-post-8152\" class=\"fusion-post-grid post-8152 post type-post status-publish format-standard has-post-thumbnail hentry category-aktuelles\">\n<div class=\"fusion-post-wrapper\" style=\"background-color:rgba(255,255,255,0);border:1px solid #ebeaea;border-bottom-width:3px;\">\n\n\t\t\t<div class=\"fusion-flexslider flexslider fusion-flexslider-loading fusion-post-slideshow\" style=\"border-color:#ebeaea;\">\n\t\t<ul class=\"slides\">\n\t\t\t\n\t\t\t\t\t\t\t\t\t\t\t\t\t\t<li><div  class=\"fusion-image-wrapper\" aria-haspopup=\"true\">\n\t\t\t\t<img decoding=\"async\" width=\"800\" height=\"800\" src=\"https:\/\/denkmalkunst-kunstdenkmal.de\/hann-muenden\/wp-content\/uploads\/sites\/2\/2026\/04\/Kamera.jpg\" class=\"attachment-full size-full lazyload wp-post-image\" alt=\"\" srcset=\"data:image\/svg+xml,%3Csvg%20xmlns%3D%27http%3A%2F%2Fwww.w3.org%2F2000%2Fsvg%27%20width%3D%27800%27%20height%3D%27800%27%20viewBox%3D%270%200%20800%20800%27%3E%3Crect%20width%3D%27800%27%20height%3D%27800%27%20fill-opacity%3D%220%22%2F%3E%3C%2Fsvg%3E\" data-orig-src=\"https:\/\/denkmalkunst-kunstdenkmal.de\/hann-muenden\/wp-content\/uploads\/sites\/2\/2026\/04\/Kamera.jpg\" data-srcset=\"https:\/\/denkmalkunst-kunstdenkmal.de\/hann-muenden\/wp-content\/uploads\/sites\/2\/2026\/04\/Kamera-200x200.jpg 200w, https:\/\/denkmalkunst-kunstdenkmal.de\/hann-muenden\/wp-content\/uploads\/sites\/2\/2026\/04\/Kamera-400x400.jpg 400w, https:\/\/denkmalkunst-kunstdenkmal.de\/hann-muenden\/wp-content\/uploads\/sites\/2\/2026\/04\/Kamera-600x600.jpg 600w, https:\/\/denkmalkunst-kunstdenkmal.de\/hann-muenden\/wp-content\/uploads\/sites\/2\/2026\/04\/Kamera.jpg 800w\" data-sizes=\"auto\" \/><div class=\"fusion-rollover\">\n\t<div class=\"fusion-rollover-content\">\n\n\t\t\t\t\n\t\t\n\t\t\t\t\t\t\t\t\n\t\t\t\t\t\t\t\t\n\t\t\n\t\t\t\t\t\t<a class=\"fusion-link-wrapper\" href=\"https:\/\/denkmalkunst-kunstdenkmal.de\/hann-muenden\/im-rampenlicht\/\" aria-label=\"Im Rampenlicht\"><\/a>\n\t<\/div>\n<\/div>\n<\/div>\n<\/li>\n\t\t\t\n\t\t\t\n\t\t\t\t\t\t\t\t\t\t\t\t\t\t\t\t\t\t\t\t\t\t\t\t\t\t\t\t\t\t\t\t\t\t\t\t\t\t\t\t\t\t\t\t\t\t\t\t\t\t\t\t\t\t\t\t\t\t\t\t\t\t\t\t\t\t\t\t<\/ul>\n\t<\/div>\n\t<div class=\"fusion-post-content-wrapper\" style=\"padding:30px 25px 20px 25px;\"><div class=\"fusion-post-content post-content\"><h2 class=\"blog-shortcode-post-title entry-title\"><a href=\"https:\/\/denkmalkunst-kunstdenkmal.de\/hann-muenden\/im-rampenlicht\/\">Im Rampenlicht<\/a><\/h2><p class=\"fusion-single-line-meta\"><span class=\"vcard\" style=\"display: none;\"><span class=\"fn\"><a href=\"https:\/\/denkmalkunst-kunstdenkmal.de\/hann-muenden\/author\/frankpeterrothe\/\" title=\"Beitr\u00e4ge von Frank-Peter Rothe\" rel=\"author\">Frank-Peter Rothe<\/a><\/span><\/span><span class=\"updated\" style=\"display:none;\">2026-04-22T15:22:48+02:00<\/span><span>22. April 2026<\/span><span class=\"fusion-inline-sep\">|<\/span><\/p><div class=\"fusion-content-sep sep-double sep-solid\"><\/div><div class=\"fusion-post-content-container\"><p> \u00a0\u201eFilm Ab\u201c in der casa feliz - ob quick and dirty oder kompromisslos gr\u00fcndlich.<a href=\"https:\/\/denkmalkunst-kunstdenkmal.de\/hann-muenden\/im-rampenlicht\/\"> [...]<\/a><\/p><\/div><\/div><div class=\"fusion-meta-info\"><div class=\"fusion-alignleft\"><a class=\"fusion-read-more\" href=\"https:\/\/denkmalkunst-kunstdenkmal.de\/hann-muenden\/im-rampenlicht\/\" aria-label=\"More on Im Rampenlicht\">Weiterlesen<\/a><\/div><\/div><\/div><div class=\"fusion-clearfix\"><\/div><\/div>\n<\/article>\n<article id=\"blog-1-post-8114\" class=\"fusion-post-grid post-8114 post type-post status-publish format-standard has-post-thumbnail hentry category-aktuelles\">\n<div class=\"fusion-post-wrapper\" style=\"background-color:rgba(255,255,255,0);border:1px solid #ebeaea;border-bottom-width:3px;\">\n\n\t\t\t<div class=\"fusion-flexslider flexslider fusion-flexslider-loading fusion-post-slideshow\" style=\"border-color:#ebeaea;\">\n\t\t<ul class=\"slides\">\n\t\t\t\n\t\t\t\t\t\t\t\t\t\t\t\t\t\t<li><div  class=\"fusion-image-wrapper\" aria-haspopup=\"true\">\n\t\t\t\t<img decoding=\"async\" width=\"800\" height=\"800\" src=\"https:\/\/denkmalkunst-kunstdenkmal.de\/hann-muenden\/wp-content\/uploads\/sites\/2\/2026\/04\/Sonnenuhrenhaus.jpeg\" class=\"attachment-full size-full lazyload wp-post-image\" alt=\"\" srcset=\"data:image\/svg+xml,%3Csvg%20xmlns%3D%27http%3A%2F%2Fwww.w3.org%2F2000%2Fsvg%27%20width%3D%27800%27%20height%3D%27800%27%20viewBox%3D%270%200%20800%20800%27%3E%3Crect%20width%3D%27800%27%20height%3D%27800%27%20fill-opacity%3D%220%22%2F%3E%3C%2Fsvg%3E\" data-orig-src=\"https:\/\/denkmalkunst-kunstdenkmal.de\/hann-muenden\/wp-content\/uploads\/sites\/2\/2026\/04\/Sonnenuhrenhaus.jpeg\" data-srcset=\"https:\/\/denkmalkunst-kunstdenkmal.de\/hann-muenden\/wp-content\/uploads\/sites\/2\/2026\/04\/Sonnenuhrenhaus-200x200.jpeg 200w, https:\/\/denkmalkunst-kunstdenkmal.de\/hann-muenden\/wp-content\/uploads\/sites\/2\/2026\/04\/Sonnenuhrenhaus-400x400.jpeg 400w, https:\/\/denkmalkunst-kunstdenkmal.de\/hann-muenden\/wp-content\/uploads\/sites\/2\/2026\/04\/Sonnenuhrenhaus-600x600.jpeg 600w, https:\/\/denkmalkunst-kunstdenkmal.de\/hann-muenden\/wp-content\/uploads\/sites\/2\/2026\/04\/Sonnenuhrenhaus.jpeg 800w\" data-sizes=\"auto\" \/><div class=\"fusion-rollover\">\n\t<div class=\"fusion-rollover-content\">\n\n\t\t\t\t\n\t\t\n\t\t\t\t\t\t\t\t\n\t\t\t\t\t\t\t\t\n\t\t\n\t\t\t\t\t\t<a class=\"fusion-link-wrapper\" href=\"https:\/\/denkmalkunst-kunstdenkmal.de\/hann-muenden\/das-sonnenuhrenhaus-wird-zum-fruehen-blickfang\/\" aria-label=\"Das Sonnenuhrenhaus &#8211; unser Blickfang\"><\/a>\n\t<\/div>\n<\/div>\n<\/div>\n<\/li>\n\t\t\t\n\t\t\t\n\t\t\t\t\t\t\t\t\t\t\t\t\t\t\t\t\t\t\t\t\t\t\t\t\t\t\t\t\t\t\t\t\t\t\t\t\t\t\t\t\t\t\t\t\t\t\t\t\t\t\t\t\t\t\t\t\t\t\t\t\t\t\t\t\t\t\t\t<\/ul>\n\t<\/div>\n\t<div class=\"fusion-post-content-wrapper\" style=\"padding:30px 25px 20px 25px;\"><div class=\"fusion-post-content post-content\"><h2 class=\"blog-shortcode-post-title entry-title\"><a href=\"https:\/\/denkmalkunst-kunstdenkmal.de\/hann-muenden\/das-sonnenuhrenhaus-wird-zum-fruehen-blickfang\/\">Das Sonnenuhrenhaus &#8211; unser Blickfang<\/a><\/h2><p class=\"fusion-single-line-meta\"><span class=\"vcard\" style=\"display: none;\"><span class=\"fn\"><a href=\"https:\/\/denkmalkunst-kunstdenkmal.de\/hann-muenden\/author\/frankpeterrothe\/\" title=\"Beitr\u00e4ge von Frank-Peter Rothe\" rel=\"author\">Frank-Peter Rothe<\/a><\/span><\/span><span class=\"updated\" style=\"display:none;\">2026-04-22T15:20:08+02:00<\/span><span>6. April 2026<\/span><span class=\"fusion-inline-sep\">|<\/span><\/p><div class=\"fusion-content-sep sep-double sep-solid\"><\/div><div class=\"fusion-post-content-container\"><p> Es geh\u00f6rt zu den Prachtgeb\u00e4uden in Hann. M\u00fcnden - das Haus in der Langen<a href=\"https:\/\/denkmalkunst-kunstdenkmal.de\/hann-muenden\/das-sonnenuhrenhaus-wird-zum-fruehen-blickfang\/\"> [...]<\/a><\/p><\/div><\/div><div class=\"fusion-meta-info\"><div class=\"fusion-alignleft\"><a class=\"fusion-read-more\" href=\"https:\/\/denkmalkunst-kunstdenkmal.de\/hann-muenden\/das-sonnenuhrenhaus-wird-zum-fruehen-blickfang\/\" aria-label=\"More on Das Sonnenuhrenhaus &#8211; unser Blickfang\">Weiterlesen<\/a><\/div><\/div><\/div><div class=\"fusion-clearfix\"><\/div><\/div>\n<\/article>\n<article id=\"blog-1-post-8092\" class=\"fusion-post-grid post-8092 post type-post status-publish format-standard has-post-thumbnail hentry category-aktuelles\">\n<div class=\"fusion-post-wrapper\" style=\"background-color:rgba(255,255,255,0);border:1px solid #ebeaea;border-bottom-width:3px;\">\n\n\t\t\t<div class=\"fusion-flexslider flexslider fusion-flexslider-loading fusion-post-slideshow\" style=\"border-color:#ebeaea;\">\n\t\t<ul class=\"slides\">\n\t\t\t\n\t\t\t\t\t\t\t\t\t\t\t\t\t\t<li><div  class=\"fusion-image-wrapper\" aria-haspopup=\"true\">\n\t\t\t\t<img decoding=\"async\" width=\"800\" height=\"800\" src=\"https:\/\/denkmalkunst-kunstdenkmal.de\/hann-muenden\/wp-content\/uploads\/sites\/2\/2026\/04\/Winnemuth.jpeg\" class=\"attachment-full size-full lazyload wp-post-image\" alt=\"\" srcset=\"data:image\/svg+xml,%3Csvg%20xmlns%3D%27http%3A%2F%2Fwww.w3.org%2F2000%2Fsvg%27%20width%3D%27800%27%20height%3D%27800%27%20viewBox%3D%270%200%20800%20800%27%3E%3Crect%20width%3D%27800%27%20height%3D%27800%27%20fill-opacity%3D%220%22%2F%3E%3C%2Fsvg%3E\" data-orig-src=\"https:\/\/denkmalkunst-kunstdenkmal.de\/hann-muenden\/wp-content\/uploads\/sites\/2\/2026\/04\/Winnemuth.jpeg\" data-srcset=\"https:\/\/denkmalkunst-kunstdenkmal.de\/hann-muenden\/wp-content\/uploads\/sites\/2\/2026\/04\/Winnemuth-200x200.jpeg 200w, https:\/\/denkmalkunst-kunstdenkmal.de\/hann-muenden\/wp-content\/uploads\/sites\/2\/2026\/04\/Winnemuth-400x400.jpeg 400w, https:\/\/denkmalkunst-kunstdenkmal.de\/hann-muenden\/wp-content\/uploads\/sites\/2\/2026\/04\/Winnemuth-600x600.jpeg 600w, https:\/\/denkmalkunst-kunstdenkmal.de\/hann-muenden\/wp-content\/uploads\/sites\/2\/2026\/04\/Winnemuth.jpeg 800w\" data-sizes=\"auto\" \/><div class=\"fusion-rollover\">\n\t<div class=\"fusion-rollover-content\">\n\n\t\t\t\t\n\t\t\n\t\t\t\t\t\t\t\t\n\t\t\t\t\t\t\t\t\n\t\t\n\t\t\t\t\t\t<a class=\"fusion-link-wrapper\" href=\"https:\/\/denkmalkunst-kunstdenkmal.de\/hann-muenden\/abschied-von-einem-kulturort\/\" aria-label=\"Abschied von einem Kulturort\"><\/a>\n\t<\/div>\n<\/div>\n<\/div>\n<\/li>\n\t\t\t\n\t\t\t\n\t\t\t\t\t\t\t\t\t\t\t\t\t\t\t\t\t\t\t\t\t\t\t\t\t\t\t\t\t\t\t\t\t\t\t\t\t\t\t\t\t\t\t\t\t\t\t\t\t\t\t\t\t\t\t\t\t\t\t\t\t\t\t\t\t\t\t\t<\/ul>\n\t<\/div>\n\t<div class=\"fusion-post-content-wrapper\" style=\"padding:30px 25px 20px 25px;\"><div class=\"fusion-post-content post-content\"><h2 class=\"blog-shortcode-post-title entry-title\"><a href=\"https:\/\/denkmalkunst-kunstdenkmal.de\/hann-muenden\/abschied-von-einem-kulturort\/\">Abschied von einem Kulturort<\/a><\/h2><p class=\"fusion-single-line-meta\"><span class=\"vcard\" style=\"display: none;\"><span class=\"fn\"><a href=\"https:\/\/denkmalkunst-kunstdenkmal.de\/hann-muenden\/author\/frankpeterrothe\/\" title=\"Beitr\u00e4ge von Frank-Peter Rothe\" rel=\"author\">Frank-Peter Rothe<\/a><\/span><\/span><span class=\"updated\" style=\"display:none;\">2026-04-22T15:20:33+02:00<\/span><span>28. M\u00e4rz 2026<\/span><span class=\"fusion-inline-sep\">|<\/span><\/p><div class=\"fusion-content-sep sep-double sep-solid\"><\/div><div class=\"fusion-post-content-container\"><p> Warum die Buchhandlung Winnemuth mehr als ein Laden war \u2013 und wie wir sie<a href=\"https:\/\/denkmalkunst-kunstdenkmal.de\/hann-muenden\/abschied-von-einem-kulturort\/\"> [...]<\/a><\/p><\/div><\/div><div class=\"fusion-meta-info\"><div class=\"fusion-alignleft\"><a class=\"fusion-read-more\" href=\"https:\/\/denkmalkunst-kunstdenkmal.de\/hann-muenden\/abschied-von-einem-kulturort\/\" aria-label=\"More on Abschied von einem Kulturort\">Weiterlesen<\/a><\/div><\/div><\/div><div class=\"fusion-clearfix\"><\/div><\/div>\n<\/article>\n<article id=\"blog-1-post-8064\" class=\"fusion-post-grid post-8064 post type-post status-publish format-standard has-post-thumbnail hentry category-aktuelles\">\n<div class=\"fusion-post-wrapper\" style=\"background-color:rgba(255,255,255,0);border:1px solid #ebeaea;border-bottom-width:3px;\">\n\n\t\t\t<div class=\"fusion-flexslider flexslider fusion-flexslider-loading fusion-post-slideshow\" style=\"border-color:#ebeaea;\">\n\t\t<ul class=\"slides\">\n\t\t\t\n\t\t\t\t\t\t\t\t\t\t\t\t\t\t<li><div  class=\"fusion-image-wrapper\" aria-haspopup=\"true\">\n\t\t\t\t<img decoding=\"async\" width=\"800\" height=\"800\" src=\"https:\/\/denkmalkunst-kunstdenkmal.de\/hann-muenden\/wp-content\/uploads\/sites\/2\/2026\/03\/AG-Kunst800x800.jpeg\" class=\"attachment-full size-full lazyload wp-post-image\" alt=\"\" srcset=\"data:image\/svg+xml,%3Csvg%20xmlns%3D%27http%3A%2F%2Fwww.w3.org%2F2000%2Fsvg%27%20width%3D%27800%27%20height%3D%27800%27%20viewBox%3D%270%200%20800%20800%27%3E%3Crect%20width%3D%27800%27%20height%3D%27800%27%20fill-opacity%3D%220%22%2F%3E%3C%2Fsvg%3E\" data-orig-src=\"https:\/\/denkmalkunst-kunstdenkmal.de\/hann-muenden\/wp-content\/uploads\/sites\/2\/2026\/03\/AG-Kunst800x800.jpeg\" data-srcset=\"https:\/\/denkmalkunst-kunstdenkmal.de\/hann-muenden\/wp-content\/uploads\/sites\/2\/2026\/03\/AG-Kunst800x800-200x200.jpeg 200w, https:\/\/denkmalkunst-kunstdenkmal.de\/hann-muenden\/wp-content\/uploads\/sites\/2\/2026\/03\/AG-Kunst800x800-400x400.jpeg 400w, https:\/\/denkmalkunst-kunstdenkmal.de\/hann-muenden\/wp-content\/uploads\/sites\/2\/2026\/03\/AG-Kunst800x800-600x600.jpeg 600w, https:\/\/denkmalkunst-kunstdenkmal.de\/hann-muenden\/wp-content\/uploads\/sites\/2\/2026\/03\/AG-Kunst800x800.jpeg 800w\" data-sizes=\"auto\" \/><div class=\"fusion-rollover\">\n\t<div class=\"fusion-rollover-content\">\n\n\t\t\t\t\n\t\t\n\t\t\t\t\t\t\t\t\n\t\t\t\t\t\t\t\t\n\t\t\n\t\t\t\t\t\t<a class=\"fusion-link-wrapper\" href=\"https:\/\/denkmalkunst-kunstdenkmal.de\/hann-muenden\/bis-zur-letzten-minute\/\" aria-label=\"Bis zur letzten Minute\"><\/a>\n\t<\/div>\n<\/div>\n<\/div>\n<\/li>\n\t\t\t\n\t\t\t\n\t\t\t\t\t\t\t\t\t\t\t\t\t\t\t\t\t\t\t\t\t\t\t\t\t\t\t\t\t\t\t\t\t\t\t\t\t\t\t\t\t\t\t\t\t\t\t\t\t\t\t\t\t\t\t\t\t\t\t\t\t\t\t\t\t\t\t\t<\/ul>\n\t<\/div>\n\t<div class=\"fusion-post-content-wrapper\" style=\"padding:30px 25px 20px 25px;\"><div class=\"fusion-post-content post-content\"><h2 class=\"blog-shortcode-post-title entry-title\"><a href=\"https:\/\/denkmalkunst-kunstdenkmal.de\/hann-muenden\/bis-zur-letzten-minute\/\">Bis zur letzten Minute<\/a><\/h2><p class=\"fusion-single-line-meta\"><span class=\"vcard\" style=\"display: none;\"><span class=\"fn\"><a href=\"https:\/\/denkmalkunst-kunstdenkmal.de\/hann-muenden\/author\/frankpeterrothe\/\" title=\"Beitr\u00e4ge von Frank-Peter Rothe\" rel=\"author\">Frank-Peter Rothe<\/a><\/span><\/span><span class=\"updated\" style=\"display:none;\">2026-03-10T18:28:28+01:00<\/span><span>10. M\u00e4rz 2026<\/span><span class=\"fusion-inline-sep\">|<\/span><\/p><div class=\"fusion-content-sep sep-double sep-solid\"><\/div><div class=\"fusion-post-content-container\"><p> Die AG Kunst mit Birte K\u00f6rbel, Melanie G\u00f6tz, Lore Puntigam, Ute Reichmann und Helga<a href=\"https:\/\/denkmalkunst-kunstdenkmal.de\/hann-muenden\/bis-zur-letzten-minute\/\"> [...]<\/a><\/p><\/div><\/div><div class=\"fusion-meta-info\"><div class=\"fusion-alignleft\"><a class=\"fusion-read-more\" href=\"https:\/\/denkmalkunst-kunstdenkmal.de\/hann-muenden\/bis-zur-letzten-minute\/\" aria-label=\"More on Bis zur letzten Minute\">Weiterlesen<\/a><\/div><\/div><\/div><div class=\"fusion-clearfix\"><\/div><\/div>\n<\/article>\n<article id=\"blog-1-post-8055\" class=\"fusion-post-grid post-8055 post type-post status-publish format-standard has-post-thumbnail hentry category-aktuelles\">\n<div class=\"fusion-post-wrapper\" style=\"background-color:rgba(255,255,255,0);border:1px solid #ebeaea;border-bottom-width:3px;\">\n\n\t\t\t<div class=\"fusion-flexslider flexslider fusion-flexslider-loading fusion-post-slideshow\" style=\"border-color:#ebeaea;\">\n\t\t<ul class=\"slides\">\n\t\t\t\n\t\t\t\t\t\t\t\t\t\t\t\t\t\t<li><div  class=\"fusion-image-wrapper\" aria-haspopup=\"true\">\n\t\t\t\t<img decoding=\"async\" width=\"504\" height=\"504\" src=\"data:image\/svg+xml,%3Csvg%20xmlns%3D%27http%3A%2F%2Fwww.w3.org%2F2000%2Fsvg%27%20width%3D%27504%27%20height%3D%27504%27%20viewBox%3D%270%200%20504%20504%27%3E%3Crect%20width%3D%27504%27%20height%3D%27504%27%20fill-opacity%3D%220%22%2F%3E%3C%2Fsvg%3E\" class=\"attachment-full size-full lazyload wp-post-image\" alt=\"\" data-orig-src=\"https:\/\/denkmalkunst-kunstdenkmal.de\/hann-muenden\/wp-content\/uploads\/sites\/2\/2025\/11\/DKKD_Logo-pdf.jpg\" \/><div class=\"fusion-rollover\">\n\t<div class=\"fusion-rollover-content\">\n\n\t\t\t\t\n\t\t\n\t\t\t\t\t\t\t\t\n\t\t\t\t\t\t\t\t\n\t\t\n\t\t\t\t\t\t<a class=\"fusion-link-wrapper\" href=\"https:\/\/denkmalkunst-kunstdenkmal.de\/hann-muenden\/dkkd-immer-ein-gewinn\/\" aria-label=\"DKKD &#8211; immer ein Gewinn\"><\/a>\n\t<\/div>\n<\/div>\n<\/div>\n<\/li>\n\t\t\t\n\t\t\t\n\t\t\t\t\t\t\t\t\t\t\t\t\t\t\t\t\t\t\t\t\t\t\t\t\t\t\t\t\t\t\t\t\t\t\t\t\t\t\t\t\t\t\t\t\t\t\t\t\t\t\t\t\t\t\t\t\t\t\t\t\t\t\t\t\t\t\t\t<\/ul>\n\t<\/div>\n\t<div class=\"fusion-post-content-wrapper\" style=\"padding:30px 25px 20px 25px;\"><div class=\"fusion-post-content post-content\"><h2 class=\"blog-shortcode-post-title entry-title\"><a href=\"https:\/\/denkmalkunst-kunstdenkmal.de\/hann-muenden\/dkkd-immer-ein-gewinn\/\">DKKD &#8211; immer ein Gewinn<\/a><\/h2><p class=\"fusion-single-line-meta\"><span class=\"vcard\" style=\"display: none;\"><span class=\"fn\"><a href=\"https:\/\/denkmalkunst-kunstdenkmal.de\/hann-muenden\/author\/frankpeterrothe\/\" title=\"Beitr\u00e4ge von Frank-Peter Rothe\" rel=\"author\">Frank-Peter Rothe<\/a><\/span><\/span><span class=\"updated\" style=\"display:none;\">2026-03-09T16:56:26+01:00<\/span><span>8. M\u00e4rz 2026<\/span><span class=\"fusion-inline-sep\">|<\/span><\/p><div class=\"fusion-content-sep sep-double sep-solid\"><\/div><div class=\"fusion-post-content-container\"><p> Das erste DKKD-Gewinnspiel ist erfolgreich abgeschlossen und wir sind begeistert von der gro\u00dfartigen Resonanz<a href=\"https:\/\/denkmalkunst-kunstdenkmal.de\/hann-muenden\/dkkd-immer-ein-gewinn\/\"> [...]<\/a><\/p><\/div><\/div><div class=\"fusion-meta-info\"><div class=\"fusion-alignleft\"><a class=\"fusion-read-more\" href=\"https:\/\/denkmalkunst-kunstdenkmal.de\/hann-muenden\/dkkd-immer-ein-gewinn\/\" aria-label=\"More on DKKD &#8211; immer ein Gewinn\">Weiterlesen<\/a><\/div><\/div><\/div><div class=\"fusion-clearfix\"><\/div><\/div>\n<\/article>\n<article id=\"blog-1-post-8049\" class=\"fusion-post-grid post-8049 post type-post status-publish format-standard has-post-thumbnail hentry category-aktuelles\">\n<div class=\"fusion-post-wrapper\" style=\"background-color:rgba(255,255,255,0);border:1px solid #ebeaea;border-bottom-width:3px;\">\n\n\t\t\t<div class=\"fusion-flexslider flexslider fusion-flexslider-loading fusion-post-slideshow\" style=\"border-color:#ebeaea;\">\n\t\t<ul class=\"slides\">\n\t\t\t\n\t\t\t\t\t\t\t\t\t\t\t\t\t\t<li><div  class=\"fusion-image-wrapper\" aria-haspopup=\"true\">\n\t\t\t\t<img decoding=\"async\" width=\"480\" height=\"480\" src=\"https:\/\/denkmalkunst-kunstdenkmal.de\/hann-muenden\/wp-content\/uploads\/sites\/2\/2026\/02\/Bahnhof-HMUE.jpeg\" class=\"attachment-full size-full lazyload wp-post-image\" alt=\"\" srcset=\"data:image\/svg+xml,%3Csvg%20xmlns%3D%27http%3A%2F%2Fwww.w3.org%2F2000%2Fsvg%27%20width%3D%27480%27%20height%3D%27480%27%20viewBox%3D%270%200%20480%20480%27%3E%3Crect%20width%3D%27480%27%20height%3D%27480%27%20fill-opacity%3D%220%22%2F%3E%3C%2Fsvg%3E\" data-orig-src=\"https:\/\/denkmalkunst-kunstdenkmal.de\/hann-muenden\/wp-content\/uploads\/sites\/2\/2026\/02\/Bahnhof-HMUE.jpeg\" data-srcset=\"https:\/\/denkmalkunst-kunstdenkmal.de\/hann-muenden\/wp-content\/uploads\/sites\/2\/2026\/02\/Bahnhof-HMUE-200x200.jpeg 200w, https:\/\/denkmalkunst-kunstdenkmal.de\/hann-muenden\/wp-content\/uploads\/sites\/2\/2026\/02\/Bahnhof-HMUE-400x400.jpeg 400w, https:\/\/denkmalkunst-kunstdenkmal.de\/hann-muenden\/wp-content\/uploads\/sites\/2\/2026\/02\/Bahnhof-HMUE.jpeg 480w\" data-sizes=\"auto\" \/><div class=\"fusion-rollover\">\n\t<div class=\"fusion-rollover-content\">\n\n\t\t\t\t\n\t\t\n\t\t\t\t\t\t\t\t\n\t\t\t\t\t\t\t\t\n\t\t\n\t\t\t\t\t\t<a class=\"fusion-link-wrapper\" href=\"https:\/\/denkmalkunst-kunstdenkmal.de\/hann-muenden\/premiere-im-jubilaeumsjahr\/\" aria-label=\"Premiere im Jubil\u00e4umsjahr\"><\/a>\n\t<\/div>\n<\/div>\n<\/div>\n<\/li>\n\t\t\t\n\t\t\t\n\t\t\t\t\t\t\t\t\t\t\t\t\t\t\t\t\t\t\t\t\t\t\t\t\t\t\t\t\t\t\t\t\t\t\t\t\t\t\t\t\t\t\t\t\t\t\t\t\t\t\t\t\t\t\t\t\t\t\t\t\t\t\t\t\t\t\t\t<\/ul>\n\t<\/div>\n\t<div class=\"fusion-post-content-wrapper\" style=\"padding:30px 25px 20px 25px;\"><div class=\"fusion-post-content post-content\"><h2 class=\"blog-shortcode-post-title entry-title\"><a href=\"https:\/\/denkmalkunst-kunstdenkmal.de\/hann-muenden\/premiere-im-jubilaeumsjahr\/\">Premiere im Jubil\u00e4umsjahr<\/a><\/h2><p class=\"fusion-single-line-meta\"><span class=\"vcard\" style=\"display: none;\"><span class=\"fn\"><a href=\"https:\/\/denkmalkunst-kunstdenkmal.de\/hann-muenden\/author\/frankpeterrothe\/\" title=\"Beitr\u00e4ge von Frank-Peter Rothe\" rel=\"author\">Frank-Peter Rothe<\/a><\/span><\/span><span class=\"updated\" style=\"display:none;\">2026-03-09T16:57:21+01:00<\/span><span>28. Februar 2026<\/span><span class=\"fusion-inline-sep\">|<\/span><\/p><div class=\"fusion-content-sep sep-double sep-solid\"><\/div><div class=\"fusion-post-content-container\"><p> Der Bahnhof als Festival-Highlight Am 8. Mai 1856 wurde das Geb\u00e4ude eingeweiht - vor<a href=\"https:\/\/denkmalkunst-kunstdenkmal.de\/hann-muenden\/premiere-im-jubilaeumsjahr\/\"> [...]<\/a><\/p><\/div><\/div><div class=\"fusion-meta-info\"><div class=\"fusion-alignleft\"><a class=\"fusion-read-more\" href=\"https:\/\/denkmalkunst-kunstdenkmal.de\/hann-muenden\/premiere-im-jubilaeumsjahr\/\" aria-label=\"More on Premiere im Jubil\u00e4umsjahr\">Weiterlesen<\/a><\/div><\/div><\/div><div class=\"fusion-clearfix\"><\/div><\/div>\n<\/article>\n<article id=\"blog-1-post-8031\" class=\"fusion-post-grid post-8031 post type-post status-publish format-standard has-post-thumbnail hentry category-aktuelles\">\n<div class=\"fusion-post-wrapper\" style=\"background-color:rgba(255,255,255,0);border:1px solid #ebeaea;border-bottom-width:3px;\">\n\n\t\t\t<div class=\"fusion-flexslider flexslider fusion-flexslider-loading fusion-post-slideshow\" style=\"border-color:#ebeaea;\">\n\t\t<ul class=\"slides\">\n\t\t\t\n\t\t\t\t\t\t\t\t\t\t\t\t\t\t<li><div  class=\"fusion-image-wrapper\" aria-haspopup=\"true\">\n\t\t\t\t<img decoding=\"async\" width=\"1313\" height=\"1313\" src=\"https:\/\/denkmalkunst-kunstdenkmal.de\/hann-muenden\/wp-content\/uploads\/sites\/2\/2026\/02\/Early-Bird.png\" class=\"attachment-full size-full lazyload wp-post-image\" alt=\"\" srcset=\"data:image\/svg+xml,%3Csvg%20xmlns%3D%27http%3A%2F%2Fwww.w3.org%2F2000%2Fsvg%27%20width%3D%271313%27%20height%3D%271313%27%20viewBox%3D%270%200%201313%201313%27%3E%3Crect%20width%3D%271313%27%20height%3D%271313%27%20fill-opacity%3D%220%22%2F%3E%3C%2Fsvg%3E\" data-orig-src=\"https:\/\/denkmalkunst-kunstdenkmal.de\/hann-muenden\/wp-content\/uploads\/sites\/2\/2026\/02\/Early-Bird.png\" data-srcset=\"https:\/\/denkmalkunst-kunstdenkmal.de\/hann-muenden\/wp-content\/uploads\/sites\/2\/2026\/02\/Early-Bird-200x200.png 200w, https:\/\/denkmalkunst-kunstdenkmal.de\/hann-muenden\/wp-content\/uploads\/sites\/2\/2026\/02\/Early-Bird-400x400.png 400w, https:\/\/denkmalkunst-kunstdenkmal.de\/hann-muenden\/wp-content\/uploads\/sites\/2\/2026\/02\/Early-Bird-600x600.png 600w, https:\/\/denkmalkunst-kunstdenkmal.de\/hann-muenden\/wp-content\/uploads\/sites\/2\/2026\/02\/Early-Bird-800x800.png 800w, https:\/\/denkmalkunst-kunstdenkmal.de\/hann-muenden\/wp-content\/uploads\/sites\/2\/2026\/02\/Early-Bird-1200x1200.png 1200w, https:\/\/denkmalkunst-kunstdenkmal.de\/hann-muenden\/wp-content\/uploads\/sites\/2\/2026\/02\/Early-Bird.png 1313w\" data-sizes=\"auto\" \/><div class=\"fusion-rollover\">\n\t<div class=\"fusion-rollover-content\">\n\n\t\t\t\t\n\t\t\n\t\t\t\t\t\t\t\t\n\t\t\t\t\t\t\t\t\n\t\t\n\t\t\t\t\t\t<a class=\"fusion-link-wrapper\" href=\"https:\/\/denkmalkunst-kunstdenkmal.de\/hann-muenden\/frueh-kaufen\/\" aria-label=\"Fr\u00fch kaufen lohnt sich!\"><\/a>\n\t<\/div>\n<\/div>\n<\/div>\n<\/li>\n\t\t\t\n\t\t\t\n\t\t\t\t\t\t\t\t\t\t\t\t\t\t\t\t\t\t\t\t\t\t\t\t\t\t\t\t\t\t\t\t\t\t\t\t\t\t\t\t\t\t\t\t\t\t\t\t\t\t\t\t\t\t\t\t\t\t\t\t\t\t\t\t\t\t\t\t<\/ul>\n\t<\/div>\n\t<div class=\"fusion-post-content-wrapper\" style=\"padding:30px 25px 20px 25px;\"><div class=\"fusion-post-content post-content\"><h2 class=\"blog-shortcode-post-title entry-title\"><a href=\"https:\/\/denkmalkunst-kunstdenkmal.de\/hann-muenden\/frueh-kaufen\/\">Fr\u00fch kaufen lohnt sich!<\/a><\/h2><p class=\"fusion-single-line-meta\"><span class=\"vcard\" style=\"display: none;\"><span class=\"fn\"><a href=\"https:\/\/denkmalkunst-kunstdenkmal.de\/hann-muenden\/author\/frankpeterrothe\/\" title=\"Beitr\u00e4ge von Frank-Peter Rothe\" rel=\"author\">Frank-Peter Rothe<\/a><\/span><\/span><span class=\"updated\" style=\"display:none;\">2026-03-09T16:58:02+01:00<\/span><span>22. Februar 2026<\/span><span class=\"fusion-inline-sep\">|<\/span><\/p><div class=\"fusion-content-sep sep-double sep-solid\"><\/div><div class=\"fusion-post-content-container\"><p> Das neue Jahr ist die Zeit der Schn\u00e4ppchen! Auch beim DKKD Festival werden Fr\u00fchentschlossene<a href=\"https:\/\/denkmalkunst-kunstdenkmal.de\/hann-muenden\/frueh-kaufen\/\"> [...]<\/a><\/p><\/div><\/div><div class=\"fusion-meta-info\"><div class=\"fusion-alignleft\"><a class=\"fusion-read-more\" href=\"https:\/\/denkmalkunst-kunstdenkmal.de\/hann-muenden\/frueh-kaufen\/\" aria-label=\"More on Fr\u00fch kaufen lohnt sich!\">Weiterlesen<\/a><\/div><\/div><\/div><div class=\"fusion-clearfix\"><\/div><\/div>\n<\/article>\n<article id=\"blog-1-post-7967\" class=\"fusion-post-grid post-7967 post type-post status-publish format-standard has-post-thumbnail hentry category-aktuelles\">\n<div class=\"fusion-post-wrapper\" style=\"background-color:rgba(255,255,255,0);border:1px solid #ebeaea;border-bottom-width:3px;\">\n\n\t\t\t<div class=\"fusion-flexslider flexslider fusion-flexslider-loading fusion-post-slideshow\" style=\"border-color:#ebeaea;\">\n\t\t<ul class=\"slides\">\n\t\t\t\n\t\t\t\t\t\t\t\t\t\t\t\t\t\t<li><div  class=\"fusion-image-wrapper\" aria-haspopup=\"true\">\n\t\t\t\t<img decoding=\"async\" width=\"800\" height=\"800\" src=\"https:\/\/denkmalkunst-kunstdenkmal.de\/hann-muenden\/wp-content\/uploads\/sites\/2\/2025\/12\/Vorverkauf2026_800.jpeg\" class=\"attachment-full size-full lazyload wp-post-image\" alt=\"\" srcset=\"data:image\/svg+xml,%3Csvg%20xmlns%3D%27http%3A%2F%2Fwww.w3.org%2F2000%2Fsvg%27%20width%3D%27800%27%20height%3D%27800%27%20viewBox%3D%270%200%20800%20800%27%3E%3Crect%20width%3D%27800%27%20height%3D%27800%27%20fill-opacity%3D%220%22%2F%3E%3C%2Fsvg%3E\" data-orig-src=\"https:\/\/denkmalkunst-kunstdenkmal.de\/hann-muenden\/wp-content\/uploads\/sites\/2\/2025\/12\/Vorverkauf2026_800.jpeg\" data-srcset=\"https:\/\/denkmalkunst-kunstdenkmal.de\/hann-muenden\/wp-content\/uploads\/sites\/2\/2025\/12\/Vorverkauf2026_800-200x200.jpeg 200w, https:\/\/denkmalkunst-kunstdenkmal.de\/hann-muenden\/wp-content\/uploads\/sites\/2\/2025\/12\/Vorverkauf2026_800-400x400.jpeg 400w, https:\/\/denkmalkunst-kunstdenkmal.de\/hann-muenden\/wp-content\/uploads\/sites\/2\/2025\/12\/Vorverkauf2026_800-600x600.jpeg 600w, https:\/\/denkmalkunst-kunstdenkmal.de\/hann-muenden\/wp-content\/uploads\/sites\/2\/2025\/12\/Vorverkauf2026_800.jpeg 800w\" data-sizes=\"auto\" \/><div class=\"fusion-rollover\">\n\t<div class=\"fusion-rollover-content\">\n\n\t\t\t\t\n\t\t\n\t\t\t\t\t\t\t\t\n\t\t\t\t\t\t\t\t\n\t\t\n\t\t\t\t\t\t<a class=\"fusion-link-wrapper\" href=\"https:\/\/denkmalkunst-kunstdenkmal.de\/hann-muenden\/vorverkauf-gestartet\/\" aria-label=\"Vorverkauf gestartet!\"><\/a>\n\t<\/div>\n<\/div>\n<\/div>\n<\/li>\n\t\t\t\n\t\t\t\n\t\t\t\t\t\t\t\t\t\t\t\t\t\t\t\t\t\t\t\t\t\t\t\t\t\t\t\t\t\t\t\t\t\t\t\t\t\t\t\t\t\t\t\t\t\t\t\t\t\t\t\t\t\t\t\t\t\t\t\t\t\t\t\t\t\t\t\t<\/ul>\n\t<\/div>\n\t<div class=\"fusion-post-content-wrapper\" style=\"padding:30px 25px 20px 25px;\"><div class=\"fusion-post-content post-content\"><h2 class=\"blog-shortcode-post-title entry-title\"><a href=\"https:\/\/denkmalkunst-kunstdenkmal.de\/hann-muenden\/vorverkauf-gestartet\/\">Vorverkauf gestartet!<\/a><\/h2><p class=\"fusion-single-line-meta\"><span class=\"vcard\" style=\"display: none;\"><span class=\"fn\"><a href=\"https:\/\/denkmalkunst-kunstdenkmal.de\/hann-muenden\/author\/frankpeterrothe\/\" title=\"Beitr\u00e4ge von Frank-Peter Rothe\" rel=\"author\">Frank-Peter Rothe<\/a><\/span><\/span><span class=\"updated\" style=\"display:none;\">2026-03-09T16:58:31+01:00<\/span><span>5. Dezember 2025<\/span><span class=\"fusion-inline-sep\">|<\/span><\/p><div class=\"fusion-content-sep sep-double sep-solid\"><\/div><div class=\"fusion-post-content-container\"><p> SOS-Socken, Schlips und Haushaltger\u00e4te waren gestern \u2013 dieses Jahr schenkt man pure Vorfreude auf<a href=\"https:\/\/denkmalkunst-kunstdenkmal.de\/hann-muenden\/vorverkauf-gestartet\/\"> [...]<\/a><\/p><\/div><\/div><div class=\"fusion-meta-info\"><div class=\"fusion-alignleft\"><a class=\"fusion-read-more\" href=\"https:\/\/denkmalkunst-kunstdenkmal.de\/hann-muenden\/vorverkauf-gestartet\/\" aria-label=\"More on Vorverkauf gestartet!\">Weiterlesen<\/a><\/div><\/div><\/div><div class=\"fusion-clearfix\"><\/div><\/div>\n<\/article>\n<article id=\"blog-1-post-7954\" class=\"fusion-post-grid post-7954 post type-post status-publish format-standard has-post-thumbnail hentry category-aktuelles\">\n<div class=\"fusion-post-wrapper\" style=\"background-color:rgba(255,255,255,0);border:1px solid #ebeaea;border-bottom-width:3px;\">\n\n\t\t\t<div class=\"fusion-flexslider flexslider fusion-flexslider-loading fusion-post-slideshow\" style=\"border-color:#ebeaea;\">\n\t\t<ul class=\"slides\">\n\t\t\t\n\t\t\t\t\t\t\t\t\t\t\t\t\t\t<li><div  class=\"fusion-image-wrapper\" aria-haspopup=\"true\">\n\t\t\t\t<img decoding=\"async\" width=\"800\" height=\"800\" src=\"https:\/\/denkmalkunst-kunstdenkmal.de\/hann-muenden\/wp-content\/uploads\/sites\/2\/2025\/12\/Tuer-auf2_800.jpg\" class=\"attachment-full size-full lazyload wp-post-image\" alt=\"\" srcset=\"data:image\/svg+xml,%3Csvg%20xmlns%3D%27http%3A%2F%2Fwww.w3.org%2F2000%2Fsvg%27%20width%3D%27800%27%20height%3D%27800%27%20viewBox%3D%270%200%20800%20800%27%3E%3Crect%20width%3D%27800%27%20height%3D%27800%27%20fill-opacity%3D%220%22%2F%3E%3C%2Fsvg%3E\" data-orig-src=\"https:\/\/denkmalkunst-kunstdenkmal.de\/hann-muenden\/wp-content\/uploads\/sites\/2\/2025\/12\/Tuer-auf2_800.jpg\" data-srcset=\"https:\/\/denkmalkunst-kunstdenkmal.de\/hann-muenden\/wp-content\/uploads\/sites\/2\/2025\/12\/Tuer-auf2_800-200x200.jpg 200w, https:\/\/denkmalkunst-kunstdenkmal.de\/hann-muenden\/wp-content\/uploads\/sites\/2\/2025\/12\/Tuer-auf2_800-400x400.jpg 400w, https:\/\/denkmalkunst-kunstdenkmal.de\/hann-muenden\/wp-content\/uploads\/sites\/2\/2025\/12\/Tuer-auf2_800-600x600.jpg 600w, https:\/\/denkmalkunst-kunstdenkmal.de\/hann-muenden\/wp-content\/uploads\/sites\/2\/2025\/12\/Tuer-auf2_800.jpg 800w\" data-sizes=\"auto\" \/><div class=\"fusion-rollover\">\n\t<div class=\"fusion-rollover-content\">\n\n\t\t\t\t\n\t\t\n\t\t\t\t\t\t\t\t\n\t\t\t\t\t\t\t\t\n\t\t\n\t\t\t\t\t\t<a class=\"fusion-link-wrapper\" href=\"https:\/\/denkmalkunst-kunstdenkmal.de\/hann-muenden\/denkmal-sucht-kunst\/\" aria-label=\"Denkmal sucht Kunst\"><\/a>\n\t<\/div>\n<\/div>\n<\/div>\n<\/li>\n\t\t\t\n\t\t\t\n\t\t\t\t\t\t\t\t\t\t\t\t\t\t\t\t\t\t\t\t\t\t\t\t\t\t\t\t\t\t\t\t\t\t\t\t\t\t\t\t\t\t\t\t\t\t\t\t\t\t\t\t\t\t\t\t\t\t\t\t\t\t\t\t\t\t\t\t<\/ul>\n\t<\/div>\n\t<div class=\"fusion-post-content-wrapper\" style=\"padding:30px 25px 20px 25px;\"><div class=\"fusion-post-content post-content\"><h2 class=\"blog-shortcode-post-title entry-title\"><a href=\"https:\/\/denkmalkunst-kunstdenkmal.de\/hann-muenden\/denkmal-sucht-kunst\/\">Denkmal sucht Kunst<\/a><\/h2><p class=\"fusion-single-line-meta\"><span class=\"vcard\" style=\"display: none;\"><span class=\"fn\"><a href=\"https:\/\/denkmalkunst-kunstdenkmal.de\/hann-muenden\/author\/frankpeterrothe\/\" title=\"Beitr\u00e4ge von Frank-Peter Rothe\" rel=\"author\">Frank-Peter Rothe<\/a><\/span><\/span><span class=\"updated\" style=\"display:none;\">2026-03-09T16:59:12+01:00<\/span><span>4. Dezember 2025<\/span><span class=\"fusion-inline-sep\">|<\/span><\/p><div class=\"fusion-content-sep sep-double sep-solid\"><\/div><div class=\"fusion-post-content-container\"><p> T\u00fcr auf f\u00fcr Bewerbungen von K\u00fcnstler*innen! Unter dem Men\u00fcpunkt Info steht unser Bewerbungsformular f\u00fcr<a href=\"https:\/\/denkmalkunst-kunstdenkmal.de\/hann-muenden\/denkmal-sucht-kunst\/\"> [...]<\/a><\/p><\/div><\/div><div class=\"fusion-meta-info\"><div class=\"fusion-alignleft\"><a class=\"fusion-read-more\" href=\"https:\/\/denkmalkunst-kunstdenkmal.de\/hann-muenden\/denkmal-sucht-kunst\/\" aria-label=\"More on Denkmal sucht Kunst\">Weiterlesen<\/a><\/div><\/div><\/div><div class=\"fusion-clearfix\"><\/div><\/div>\n<\/article>\n<article id=\"blog-1-post-7916\" class=\"fusion-post-grid post-7916 post type-post status-publish format-standard has-post-thumbnail hentry category-aktuelles\">\n<div class=\"fusion-post-wrapper\" style=\"background-color:rgba(255,255,255,0);border:1px solid #ebeaea;border-bottom-width:3px;\">\n\n\t\t\t<div class=\"fusion-flexslider flexslider fusion-flexslider-loading fusion-post-slideshow\" style=\"border-color:#ebeaea;\">\n\t\t<ul class=\"slides\">\n\t\t\t\n\t\t\t\t\t\t\t\t\t\t\t\t\t\t<li><div  class=\"fusion-image-wrapper\" aria-haspopup=\"true\">\n\t\t\t\t<img decoding=\"async\" width=\"800\" height=\"800\" src=\"https:\/\/denkmalkunst-kunstdenkmal.de\/hann-muenden\/wp-content\/uploads\/sites\/2\/2025\/11\/251128_103_800_800.jpg\" class=\"attachment-full size-full lazyload wp-post-image\" alt=\"\" srcset=\"data:image\/svg+xml,%3Csvg%20xmlns%3D%27http%3A%2F%2Fwww.w3.org%2F2000%2Fsvg%27%20width%3D%27800%27%20height%3D%27800%27%20viewBox%3D%270%200%20800%20800%27%3E%3Crect%20width%3D%27800%27%20height%3D%27800%27%20fill-opacity%3D%220%22%2F%3E%3C%2Fsvg%3E\" data-orig-src=\"https:\/\/denkmalkunst-kunstdenkmal.de\/hann-muenden\/wp-content\/uploads\/sites\/2\/2025\/11\/251128_103_800_800.jpg\" data-srcset=\"https:\/\/denkmalkunst-kunstdenkmal.de\/hann-muenden\/wp-content\/uploads\/sites\/2\/2025\/11\/251128_103_800_800-200x200.jpg 200w, https:\/\/denkmalkunst-kunstdenkmal.de\/hann-muenden\/wp-content\/uploads\/sites\/2\/2025\/11\/251128_103_800_800-400x400.jpg 400w, https:\/\/denkmalkunst-kunstdenkmal.de\/hann-muenden\/wp-content\/uploads\/sites\/2\/2025\/11\/251128_103_800_800-600x600.jpg 600w, https:\/\/denkmalkunst-kunstdenkmal.de\/hann-muenden\/wp-content\/uploads\/sites\/2\/2025\/11\/251128_103_800_800.jpg 800w\" data-sizes=\"auto\" \/><div class=\"fusion-rollover\">\n\t<div class=\"fusion-rollover-content\">\n\n\t\t\t\t\n\t\t\n\t\t\t\t\t\t\t\t\n\t\t\t\t\t\t\t\t\n\t\t\n\t\t\t\t\t\t<a class=\"fusion-link-wrapper\" href=\"https:\/\/denkmalkunst-kunstdenkmal.de\/hann-muenden\/grosse-vorfreude\/\" aria-label=\"Gro\u00dfe Vorfreude\"><\/a>\n\t<\/div>\n<\/div>\n<\/div>\n<\/li>\n\t\t\t\n\t\t\t\n\t\t\t\t\t\t\t\t\t\t\t\t\t\t\t\t\t\t\t\t\t\t\t\t\t\t\t\t\t\t\t\t\t\t\t\t\t\t\t\t\t\t\t\t\t\t\t\t\t\t\t\t\t\t\t\t\t\t\t\t\t\t\t\t\t\t\t\t<\/ul>\n\t<\/div>\n\t<div class=\"fusion-post-content-wrapper\" style=\"padding:30px 25px 20px 25px;\"><div class=\"fusion-post-content post-content\"><h2 class=\"blog-shortcode-post-title entry-title\"><a href=\"https:\/\/denkmalkunst-kunstdenkmal.de\/hann-muenden\/grosse-vorfreude\/\">Gro\u00dfe Vorfreude<\/a><\/h2><p class=\"fusion-single-line-meta\"><span class=\"vcard\" style=\"display: none;\"><span class=\"fn\"><a href=\"https:\/\/denkmalkunst-kunstdenkmal.de\/hann-muenden\/author\/frankpeterrothe\/\" title=\"Beitr\u00e4ge von Frank-Peter Rothe\" rel=\"author\">Frank-Peter Rothe<\/a><\/span><\/span><span class=\"updated\" style=\"display:none;\">2026-03-09T16:59:40+01:00<\/span><span>30. November 2025<\/span><span class=\"fusion-inline-sep\">|<\/span><\/p><div class=\"fusion-content-sep sep-double sep-solid\"><\/div><div class=\"fusion-post-content-container\"><p> Die erste Infoveranstaltung zum Festival DenkmalKunst-KunstDenkmal (DKKD) war ein voller Erfolg: Mehr als 80<a href=\"https:\/\/denkmalkunst-kunstdenkmal.de\/hann-muenden\/grosse-vorfreude\/\"> [...]<\/a><\/p><\/div><\/div><div class=\"fusion-meta-info\"><div class=\"fusion-alignleft\"><a class=\"fusion-read-more\" href=\"https:\/\/denkmalkunst-kunstdenkmal.de\/hann-muenden\/grosse-vorfreude\/\" aria-label=\"More on Gro\u00dfe Vorfreude\">Weiterlesen<\/a><\/div><\/div><\/div><div class=\"fusion-clearfix\"><\/div><\/div>\n<\/article>\n<article id=\"blog-1-post-7842\" class=\"fusion-post-grid post-7842 post type-post status-publish format-standard has-post-thumbnail hentry category-aktuelles\">\n<div class=\"fusion-post-wrapper\" style=\"background-color:rgba(255,255,255,0);border:1px solid #ebeaea;border-bottom-width:3px;\">\n\n\t\t\t<div class=\"fusion-flexslider flexslider fusion-flexslider-loading fusion-post-slideshow\" style=\"border-color:#ebeaea;\">\n\t\t<ul class=\"slides\">\n\t\t\t\n\t\t\t\t\t\t\t\t\t\t\t\t\t\t<li><div  class=\"fusion-image-wrapper\" aria-haspopup=\"true\">\n\t\t\t\t<img decoding=\"async\" width=\"800\" height=\"800\" src=\"https:\/\/denkmalkunst-kunstdenkmal.de\/hann-muenden\/wp-content\/uploads\/sites\/2\/2025\/11\/Infoveranstaltung.jpg\" class=\"attachment-full size-full lazyload wp-post-image\" alt=\"\" srcset=\"data:image\/svg+xml,%3Csvg%20xmlns%3D%27http%3A%2F%2Fwww.w3.org%2F2000%2Fsvg%27%20width%3D%27800%27%20height%3D%27800%27%20viewBox%3D%270%200%20800%20800%27%3E%3Crect%20width%3D%27800%27%20height%3D%27800%27%20fill-opacity%3D%220%22%2F%3E%3C%2Fsvg%3E\" data-orig-src=\"https:\/\/denkmalkunst-kunstdenkmal.de\/hann-muenden\/wp-content\/uploads\/sites\/2\/2025\/11\/Infoveranstaltung.jpg\" data-srcset=\"https:\/\/denkmalkunst-kunstdenkmal.de\/hann-muenden\/wp-content\/uploads\/sites\/2\/2025\/11\/Infoveranstaltung-200x200.jpg 200w, https:\/\/denkmalkunst-kunstdenkmal.de\/hann-muenden\/wp-content\/uploads\/sites\/2\/2025\/11\/Infoveranstaltung-400x400.jpg 400w, https:\/\/denkmalkunst-kunstdenkmal.de\/hann-muenden\/wp-content\/uploads\/sites\/2\/2025\/11\/Infoveranstaltung-600x600.jpg 600w, https:\/\/denkmalkunst-kunstdenkmal.de\/hann-muenden\/wp-content\/uploads\/sites\/2\/2025\/11\/Infoveranstaltung.jpg 800w\" data-sizes=\"auto\" \/><div class=\"fusion-rollover\">\n\t<div class=\"fusion-rollover-content\">\n\n\t\t\t\t\n\t\t\n\t\t\t\t\t\t\t\t\n\t\t\t\t\t\t\t\t\n\t\t\n\t\t\t\t\t\t<a class=\"fusion-link-wrapper\" href=\"https:\/\/denkmalkunst-kunstdenkmal.de\/hann-muenden\/eure-talente-sind-gefragt\/\" aria-label=\"Eure Talente sind gefragt!\"><\/a>\n\t<\/div>\n<\/div>\n<\/div>\n<\/li>\n\t\t\t\n\t\t\t\n\t\t\t\t\t\t\t\t\t\t\t\t\t\t\t\t\t\t\t\t\t\t\t\t\t\t\t\t\t\t\t\t\t\t\t\t\t\t\t\t\t\t\t\t\t\t\t\t\t\t\t\t\t\t\t\t\t\t\t\t\t\t\t\t\t\t\t\t<\/ul>\n\t<\/div>\n\t<div class=\"fusion-post-content-wrapper\" style=\"padding:30px 25px 20px 25px;\"><div class=\"fusion-post-content post-content\"><h2 class=\"blog-shortcode-post-title entry-title\"><a href=\"https:\/\/denkmalkunst-kunstdenkmal.de\/hann-muenden\/eure-talente-sind-gefragt\/\">Eure Talente sind gefragt!<\/a><\/h2><p class=\"fusion-single-line-meta\"><span class=\"vcard\" style=\"display: none;\"><span class=\"fn\"><a href=\"https:\/\/denkmalkunst-kunstdenkmal.de\/hann-muenden\/author\/frankpeterrothe\/\" title=\"Beitr\u00e4ge von Frank-Peter Rothe\" rel=\"author\">Frank-Peter Rothe<\/a><\/span><\/span><span class=\"updated\" style=\"display:none;\">2026-03-09T17:00:12+01:00<\/span><span>23. November 2025<\/span><span class=\"fusion-inline-sep\">|<\/span><\/p><div class=\"fusion-content-sep sep-double sep-solid\"><\/div><div class=\"fusion-post-content-container\"><p> Info-Abend f\u00fcr Helfer*innen und alle die es werden wollen! Das DKKD sucht f\u00fcrs Kunstfestival<a href=\"https:\/\/denkmalkunst-kunstdenkmal.de\/hann-muenden\/eure-talente-sind-gefragt\/\"> [...]<\/a><\/p><\/div><\/div><div class=\"fusion-meta-info\"><div class=\"fusion-alignleft\"><a class=\"fusion-read-more\" href=\"https:\/\/denkmalkunst-kunstdenkmal.de\/hann-muenden\/eure-talente-sind-gefragt\/\" aria-label=\"More on Eure Talente sind gefragt!\">Weiterlesen<\/a><\/div><\/div><\/div><div class=\"fusion-clearfix\"><\/div><\/div>\n<\/article>\n<article id=\"blog-1-post-7768\" class=\"fusion-post-grid post-7768 post type-post status-publish format-standard has-post-thumbnail hentry category-aktuelles\">\n<div class=\"fusion-post-wrapper\" style=\"background-color:rgba(255,255,255,0);border:1px solid #ebeaea;border-bottom-width:3px;\">\n\n\t\t\t<div class=\"fusion-flexslider flexslider fusion-flexslider-loading fusion-post-slideshow\" style=\"border-color:#ebeaea;\">\n\t\t<ul class=\"slides\">\n\t\t\t\n\t\t\t\t\t\t\t\t\t\t\t\t\t\t<li><div  class=\"fusion-image-wrapper\" aria-haspopup=\"true\">\n\t\t\t\t<img decoding=\"async\" width=\"800\" height=\"800\" src=\"https:\/\/denkmalkunst-kunstdenkmal.de\/hann-muenden\/wp-content\/uploads\/sites\/2\/2025\/11\/251105_036_22m_ohne-Logo.jpg\" class=\"attachment-full size-full lazyload wp-post-image\" alt=\"\" srcset=\"data:image\/svg+xml,%3Csvg%20xmlns%3D%27http%3A%2F%2Fwww.w3.org%2F2000%2Fsvg%27%20width%3D%27800%27%20height%3D%27800%27%20viewBox%3D%270%200%20800%20800%27%3E%3Crect%20width%3D%27800%27%20height%3D%27800%27%20fill-opacity%3D%220%22%2F%3E%3C%2Fsvg%3E\" data-orig-src=\"https:\/\/denkmalkunst-kunstdenkmal.de\/hann-muenden\/wp-content\/uploads\/sites\/2\/2025\/11\/251105_036_22m_ohne-Logo.jpg\" data-srcset=\"https:\/\/denkmalkunst-kunstdenkmal.de\/hann-muenden\/wp-content\/uploads\/sites\/2\/2025\/11\/251105_036_22m_ohne-Logo-200x200.jpg 200w, https:\/\/denkmalkunst-kunstdenkmal.de\/hann-muenden\/wp-content\/uploads\/sites\/2\/2025\/11\/251105_036_22m_ohne-Logo-400x400.jpg 400w, https:\/\/denkmalkunst-kunstdenkmal.de\/hann-muenden\/wp-content\/uploads\/sites\/2\/2025\/11\/251105_036_22m_ohne-Logo-600x600.jpg 600w, https:\/\/denkmalkunst-kunstdenkmal.de\/hann-muenden\/wp-content\/uploads\/sites\/2\/2025\/11\/251105_036_22m_ohne-Logo.jpg 800w\" data-sizes=\"auto\" \/><div class=\"fusion-rollover\">\n\t<div class=\"fusion-rollover-content\">\n\n\t\t\t\t\n\t\t\n\t\t\t\t\t\t\t\t\n\t\t\t\t\t\t\t\t\n\t\t\n\t\t\t\t\t\t<a class=\"fusion-link-wrapper\" href=\"https:\/\/denkmalkunst-kunstdenkmal.de\/hann-muenden\/alte-waende-neue-kunst\/\" aria-label=\"Alte W\u00e4nde &#8211; neue Kunst\"><\/a>\n\t<\/div>\n<\/div>\n<\/div>\n<\/li>\n\t\t\t\n\t\t\t\n\t\t\t\t\t\t\t\t\t\t\t\t\t\t\t\t\t\t\t\t\t\t\t\t\t\t\t\t\t\t\t\t\t\t\t\t\t\t\t\t\t\t\t\t\t\t\t\t\t\t\t\t\t\t\t\t\t\t\t\t\t\t\t\t\t\t\t\t<\/ul>\n\t<\/div>\n\t<div class=\"fusion-post-content-wrapper\" style=\"padding:30px 25px 20px 25px;\"><div class=\"fusion-post-content post-content\"><h2 class=\"blog-shortcode-post-title entry-title\"><a href=\"https:\/\/denkmalkunst-kunstdenkmal.de\/hann-muenden\/alte-waende-neue-kunst\/\">Alte W\u00e4nde &#8211; neue Kunst<\/a><\/h2><p class=\"fusion-single-line-meta\"><span class=\"vcard\" style=\"display: none;\"><span class=\"fn\"><a href=\"https:\/\/denkmalkunst-kunstdenkmal.de\/hann-muenden\/author\/frankpeterrothe\/\" title=\"Beitr\u00e4ge von Frank-Peter Rothe\" rel=\"author\">Frank-Peter Rothe<\/a><\/span><\/span><span class=\"updated\" style=\"display:none;\">2026-03-09T17:00:47+01:00<\/span><span>11. November 2025<\/span><span class=\"fusion-inline-sep\">|<\/span><\/p><div class=\"fusion-content-sep sep-double sep-solid\"><\/div><div class=\"fusion-post-content-container\"><p> Nach vier Jahren Pause findet das Kulturfestival DKKD vom 3. bis 11. Oktober 2026<a href=\"https:\/\/denkmalkunst-kunstdenkmal.de\/hann-muenden\/alte-waende-neue-kunst\/\"> [...]<\/a><\/p><\/div><\/div><div class=\"fusion-meta-info\"><div class=\"fusion-alignleft\"><a class=\"fusion-read-more\" href=\"https:\/\/denkmalkunst-kunstdenkmal.de\/hann-muenden\/alte-waende-neue-kunst\/\" aria-label=\"More on Alte W\u00e4nde &#8211; neue Kunst\">Weiterlesen<\/a><\/div><\/div><\/div><div class=\"fusion-clearfix\"><\/div><\/div>\n<\/article>\n<article id=\"blog-1-post-7744\" class=\"fusion-post-grid post-7744 post type-post status-publish format-standard has-post-thumbnail hentry category-aktuelles\">\n<div class=\"fusion-post-wrapper\" style=\"background-color:rgba(255,255,255,0);border:1px solid #ebeaea;border-bottom-width:3px;\">\n\n\t\t\t<div class=\"fusion-flexslider flexslider fusion-flexslider-loading fusion-post-slideshow\" style=\"border-color:#ebeaea;\">\n\t\t<ul class=\"slides\">\n\t\t\t\n\t\t\t\t\t\t\t\t\t\t\t\t\t\t<li><div  class=\"fusion-image-wrapper\" aria-haspopup=\"true\">\n\t\t\t\t<img decoding=\"async\" width=\"800\" height=\"800\" src=\"https:\/\/denkmalkunst-kunstdenkmal.de\/hann-muenden\/wp-content\/uploads\/sites\/2\/2025\/09\/250909_002_22_800.jpg\" class=\"attachment-full size-full lazyload wp-post-image\" alt=\"\" srcset=\"data:image\/svg+xml,%3Csvg%20xmlns%3D%27http%3A%2F%2Fwww.w3.org%2F2000%2Fsvg%27%20width%3D%27800%27%20height%3D%27800%27%20viewBox%3D%270%200%20800%20800%27%3E%3Crect%20width%3D%27800%27%20height%3D%27800%27%20fill-opacity%3D%220%22%2F%3E%3C%2Fsvg%3E\" data-orig-src=\"https:\/\/denkmalkunst-kunstdenkmal.de\/hann-muenden\/wp-content\/uploads\/sites\/2\/2025\/09\/250909_002_22_800.jpg\" data-srcset=\"https:\/\/denkmalkunst-kunstdenkmal.de\/hann-muenden\/wp-content\/uploads\/sites\/2\/2025\/09\/250909_002_22_800-200x200.jpg 200w, https:\/\/denkmalkunst-kunstdenkmal.de\/hann-muenden\/wp-content\/uploads\/sites\/2\/2025\/09\/250909_002_22_800-400x400.jpg 400w, https:\/\/denkmalkunst-kunstdenkmal.de\/hann-muenden\/wp-content\/uploads\/sites\/2\/2025\/09\/250909_002_22_800-600x600.jpg 600w, https:\/\/denkmalkunst-kunstdenkmal.de\/hann-muenden\/wp-content\/uploads\/sites\/2\/2025\/09\/250909_002_22_800.jpg 800w\" data-sizes=\"auto\" \/><div class=\"fusion-rollover\">\n\t<div class=\"fusion-rollover-content\">\n\n\t\t\t\t\n\t\t\n\t\t\t\t\t\t\t\t\n\t\t\t\t\t\t\t\t\n\t\t\n\t\t\t\t\t\t<a class=\"fusion-link-wrapper\" href=\"https:\/\/denkmalkunst-kunstdenkmal.de\/hann-muenden\/neuer_vorstand_uebernimmt_verantwortung\/\" aria-label=\"Neuer Vorstand \u00fcbernimmt Verantwortung\"><\/a>\n\t<\/div>\n<\/div>\n<\/div>\n<\/li>\n\t\t\t\n\t\t\t\n\t\t\t\t\t\t\t\t\t\t\t\t\t\t\t\t\t\t\t\t\t\t\t\t\t\t\t\t\t\t\t\t\t\t\t\t\t\t\t\t\t\t\t\t\t\t\t\t\t\t\t\t\t\t\t\t\t\t\t\t\t\t\t\t\t\t\t\t<\/ul>\n\t<\/div>\n\t<div class=\"fusion-post-content-wrapper\" style=\"padding:30px 25px 20px 25px;\"><div class=\"fusion-post-content post-content\"><h2 class=\"blog-shortcode-post-title entry-title\"><a href=\"https:\/\/denkmalkunst-kunstdenkmal.de\/hann-muenden\/neuer_vorstand_uebernimmt_verantwortung\/\">Neuer Vorstand \u00fcbernimmt Verantwortung<\/a><\/h2><p class=\"fusion-single-line-meta\"><span class=\"vcard\" style=\"display: none;\"><span class=\"fn\"><a href=\"https:\/\/denkmalkunst-kunstdenkmal.de\/hann-muenden\/author\/frankpeterrothe\/\" title=\"Beitr\u00e4ge von Frank-Peter Rothe\" rel=\"author\">Frank-Peter Rothe<\/a><\/span><\/span><span class=\"updated\" style=\"display:none;\">2026-03-09T17:01:19+01:00<\/span><span>16. September 2025<\/span><span class=\"fusion-inline-sep\">|<\/span><\/p><div class=\"fusion-content-sep sep-double sep-solid\"><\/div><div class=\"fusion-post-content-container\"><p> Seit dem 30. August 2025 hat der Verein dkkd einen neuen Vorstand, der sich<a href=\"https:\/\/denkmalkunst-kunstdenkmal.de\/hann-muenden\/neuer_vorstand_uebernimmt_verantwortung\/\"> [...]<\/a><\/p><\/div><\/div><div class=\"fusion-meta-info\"><div class=\"fusion-alignleft\"><a class=\"fusion-read-more\" href=\"https:\/\/denkmalkunst-kunstdenkmal.de\/hann-muenden\/neuer_vorstand_uebernimmt_verantwortung\/\" aria-label=\"More on Neuer Vorstand \u00fcbernimmt Verantwortung\">Weiterlesen<\/a><\/div><\/div><\/div><div class=\"fusion-clearfix\"><\/div><\/div>\n<\/article>\n<article id=\"blog-1-post-7601\" class=\"fusion-post-grid post-7601 post type-post status-publish format-standard has-post-thumbnail hentry category-aktuelles\">\n<div class=\"fusion-post-wrapper\" style=\"background-color:rgba(255,255,255,0);border:1px solid #ebeaea;border-bottom-width:3px;\">\n\n\t\t\t<div class=\"fusion-flexslider flexslider fusion-flexslider-loading fusion-post-slideshow\" style=\"border-color:#ebeaea;\">\n\t\t<ul class=\"slides\">\n\t\t\t\n\t\t\t\t\t\t\t\t\t\t\t\t\t\t<li><div  class=\"fusion-image-wrapper\" aria-haspopup=\"true\">\n\t\t\t\t<img decoding=\"async\" width=\"800\" height=\"800\" src=\"https:\/\/denkmalkunst-kunstdenkmal.de\/hann-muenden\/wp-content\/uploads\/sites\/2\/2025\/01\/DKKD-HMM.jpg\" class=\"attachment-full size-full lazyload wp-post-image\" alt=\"\" srcset=\"data:image\/svg+xml,%3Csvg%20xmlns%3D%27http%3A%2F%2Fwww.w3.org%2F2000%2Fsvg%27%20width%3D%27800%27%20height%3D%27800%27%20viewBox%3D%270%200%20800%20800%27%3E%3Crect%20width%3D%27800%27%20height%3D%27800%27%20fill-opacity%3D%220%22%2F%3E%3C%2Fsvg%3E\" data-orig-src=\"https:\/\/denkmalkunst-kunstdenkmal.de\/hann-muenden\/wp-content\/uploads\/sites\/2\/2025\/01\/DKKD-HMM.jpg\" data-srcset=\"https:\/\/denkmalkunst-kunstdenkmal.de\/hann-muenden\/wp-content\/uploads\/sites\/2\/2025\/01\/DKKD-HMM-200x200.jpg 200w, https:\/\/denkmalkunst-kunstdenkmal.de\/hann-muenden\/wp-content\/uploads\/sites\/2\/2025\/01\/DKKD-HMM-400x400.jpg 400w, https:\/\/denkmalkunst-kunstdenkmal.de\/hann-muenden\/wp-content\/uploads\/sites\/2\/2025\/01\/DKKD-HMM-600x600.jpg 600w, https:\/\/denkmalkunst-kunstdenkmal.de\/hann-muenden\/wp-content\/uploads\/sites\/2\/2025\/01\/DKKD-HMM.jpg 800w\" data-sizes=\"auto\" \/><div class=\"fusion-rollover\">\n\t<div class=\"fusion-rollover-content\">\n\n\t\t\t\t\n\t\t\n\t\t\t\t\t\t\t\t\n\t\t\t\t\t\t\t\t\n\t\t\n\t\t\t\t\t\t<a class=\"fusion-link-wrapper\" href=\"https:\/\/denkmalkunst-kunstdenkmal.de\/hann-muenden\/kooperation-vereinbart\/\" aria-label=\"Kooperation vereinbart\"><\/a>\n\t<\/div>\n<\/div>\n<\/div>\n<\/li>\n\t\t\t\n\t\t\t\n\t\t\t\t\t\t\t\t\t\t\t\t\t\t\t\t\t\t\t\t\t\t\t\t\t\t\t\t\t\t\t\t\t\t\t\t\t\t\t\t\t\t\t\t\t\t\t\t\t\t\t\t\t\t\t\t\t\t\t\t\t\t\t\t\t\t\t\t<\/ul>\n\t<\/div>\n\t<div class=\"fusion-post-content-wrapper\" style=\"padding:30px 25px 20px 25px;\"><div class=\"fusion-post-content post-content\"><h2 class=\"blog-shortcode-post-title entry-title\"><a href=\"https:\/\/denkmalkunst-kunstdenkmal.de\/hann-muenden\/kooperation-vereinbart\/\">Kooperation vereinbart<\/a><\/h2><p class=\"fusion-single-line-meta\"><span class=\"vcard\" style=\"display: none;\"><span class=\"fn\"><a href=\"https:\/\/denkmalkunst-kunstdenkmal.de\/hann-muenden\/author\/frankpeterrothe\/\" title=\"Beitr\u00e4ge von Frank-Peter Rothe\" rel=\"author\">Frank-Peter Rothe<\/a><\/span><\/span><span class=\"updated\" style=\"display:none;\">2025-01-18T18:44:08+01:00<\/span><span>18. Januar 2025<\/span><span class=\"fusion-inline-sep\">|<\/span><\/p><div class=\"fusion-content-sep sep-double sep-solid\"><\/div><div class=\"fusion-post-content-container\"><p> Der Kooperationsvertrag zwischen DenkmalKunst \u2013 KunstDenkmal (DKKD) und der Hann. M\u00fcnden Marketing GmbH (HMM)<a href=\"https:\/\/denkmalkunst-kunstdenkmal.de\/hann-muenden\/kooperation-vereinbart\/\"> [...]<\/a><\/p><\/div><\/div><div class=\"fusion-meta-info\"><div class=\"fusion-alignleft\"><a class=\"fusion-read-more\" href=\"https:\/\/denkmalkunst-kunstdenkmal.de\/hann-muenden\/kooperation-vereinbart\/\" aria-label=\"More on Kooperation vereinbart\">Weiterlesen<\/a><\/div><\/div><\/div><div class=\"fusion-clearfix\"><\/div><\/div>\n<\/article>\n<article id=\"blog-1-post-7553\" class=\"fusion-post-grid post-7553 post type-post status-publish format-standard has-post-thumbnail hentry category-aktuelles\">\n<div class=\"fusion-post-wrapper\" style=\"background-color:rgba(255,255,255,0);border:1px solid #ebeaea;border-bottom-width:3px;\">\n\n\t\t\t<div class=\"fusion-flexslider flexslider fusion-flexslider-loading fusion-post-slideshow\" style=\"border-color:#ebeaea;\">\n\t\t<ul class=\"slides\">\n\t\t\t\n\t\t\t\t\t\t\t\t\t\t\t\t\t\t<li><div  class=\"fusion-image-wrapper\" aria-haspopup=\"true\">\n\t\t\t\t<img decoding=\"async\" width=\"800\" height=\"800\" src=\"https:\/\/denkmalkunst-kunstdenkmal.de\/hann-muenden\/wp-content\/uploads\/sites\/2\/2024\/10\/Teamvorstand.jpg\" class=\"attachment-full size-full lazyload wp-post-image\" alt=\"\" srcset=\"data:image\/svg+xml,%3Csvg%20xmlns%3D%27http%3A%2F%2Fwww.w3.org%2F2000%2Fsvg%27%20width%3D%27800%27%20height%3D%27800%27%20viewBox%3D%270%200%20800%20800%27%3E%3Crect%20width%3D%27800%27%20height%3D%27800%27%20fill-opacity%3D%220%22%2F%3E%3C%2Fsvg%3E\" data-orig-src=\"https:\/\/denkmalkunst-kunstdenkmal.de\/hann-muenden\/wp-content\/uploads\/sites\/2\/2024\/10\/Teamvorstand.jpg\" data-srcset=\"https:\/\/denkmalkunst-kunstdenkmal.de\/hann-muenden\/wp-content\/uploads\/sites\/2\/2024\/10\/Teamvorstand-200x200.jpg 200w, https:\/\/denkmalkunst-kunstdenkmal.de\/hann-muenden\/wp-content\/uploads\/sites\/2\/2024\/10\/Teamvorstand-400x400.jpg 400w, https:\/\/denkmalkunst-kunstdenkmal.de\/hann-muenden\/wp-content\/uploads\/sites\/2\/2024\/10\/Teamvorstand-600x600.jpg 600w, https:\/\/denkmalkunst-kunstdenkmal.de\/hann-muenden\/wp-content\/uploads\/sites\/2\/2024\/10\/Teamvorstand.jpg 800w\" data-sizes=\"auto\" \/><div class=\"fusion-rollover\">\n\t<div class=\"fusion-rollover-content\">\n\n\t\t\t\t\n\t\t\n\t\t\t\t\t\t\t\t\n\t\t\t\t\t\t\t\t\n\t\t\n\t\t\t\t\t\t<a class=\"fusion-link-wrapper\" href=\"https:\/\/denkmalkunst-kunstdenkmal.de\/hann-muenden\/mitgliederversammlung-2024\/\" aria-label=\"Mitgliederversammlung 2024\"><\/a>\n\t<\/div>\n<\/div>\n<\/div>\n<\/li>\n\t\t\t\n\t\t\t\n\t\t\t\t\t\t\t\t\t\t\t\t\t\t\t\t\t\t\t\t\t\t\t\t\t\t\t\t\t\t\t\t\t\t\t\t\t\t\t\t\t\t\t\t\t\t\t\t\t\t\t\t\t\t\t\t\t\t\t\t\t\t\t\t\t\t\t\t<\/ul>\n\t<\/div>\n\t<div class=\"fusion-post-content-wrapper\" style=\"padding:30px 25px 20px 25px;\"><div class=\"fusion-post-content post-content\"><h2 class=\"blog-shortcode-post-title entry-title\"><a href=\"https:\/\/denkmalkunst-kunstdenkmal.de\/hann-muenden\/mitgliederversammlung-2024\/\">Mitgliederversammlung 2024<\/a><\/h2><p class=\"fusion-single-line-meta\"><span class=\"vcard\" style=\"display: none;\"><span class=\"fn\"><a href=\"https:\/\/denkmalkunst-kunstdenkmal.de\/hann-muenden\/author\/frankpeterrothe\/\" title=\"Beitr\u00e4ge von Frank-Peter Rothe\" rel=\"author\">Frank-Peter Rothe<\/a><\/span><\/span><span class=\"updated\" style=\"display:none;\">2024-10-31T13:38:24+01:00<\/span><span>31. Oktober 2024<\/span><span class=\"fusion-inline-sep\">|<\/span><\/p><div class=\"fusion-content-sep sep-double sep-solid\"><\/div><div class=\"fusion-post-content-container\"><p> Am Mittwoch, den 23. Oktober 2024, fand die diesj\u00e4hrige Mitgliederversammlung unseres Vereins statt, bei<a href=\"https:\/\/denkmalkunst-kunstdenkmal.de\/hann-muenden\/mitgliederversammlung-2024\/\"> [...]<\/a><\/p><\/div><\/div><div class=\"fusion-meta-info\"><div class=\"fusion-alignleft\"><a class=\"fusion-read-more\" href=\"https:\/\/denkmalkunst-kunstdenkmal.de\/hann-muenden\/mitgliederversammlung-2024\/\" aria-label=\"More on Mitgliederversammlung 2024\">Weiterlesen<\/a><\/div><\/div><\/div><div class=\"fusion-clearfix\"><\/div><\/div>\n<\/article>\n<article id=\"blog-1-post-7543\" class=\"fusion-post-grid post-7543 post type-post status-publish format-standard has-post-thumbnail hentry category-aktuelles\">\n<div class=\"fusion-post-wrapper\" style=\"background-color:rgba(255,255,255,0);border:1px solid #ebeaea;border-bottom-width:3px;\">\n\n\t\t\t<div class=\"fusion-flexslider flexslider fusion-flexslider-loading fusion-post-slideshow\" style=\"border-color:#ebeaea;\">\n\t\t<ul class=\"slides\">\n\t\t\t\n\t\t\t\t\t\t\t\t\t\t\t\t\t\t<li><div  class=\"fusion-image-wrapper\" aria-haspopup=\"true\">\n\t\t\t\t<img decoding=\"async\" width=\"800\" height=\"800\" src=\"https:\/\/denkmalkunst-kunstdenkmal.de\/hann-muenden\/wp-content\/uploads\/sites\/2\/2024\/07\/Kooperation_k.jpeg\" class=\"attachment-full size-full lazyload wp-post-image\" alt=\"\" srcset=\"data:image\/svg+xml,%3Csvg%20xmlns%3D%27http%3A%2F%2Fwww.w3.org%2F2000%2Fsvg%27%20width%3D%27800%27%20height%3D%27800%27%20viewBox%3D%270%200%20800%20800%27%3E%3Crect%20width%3D%27800%27%20height%3D%27800%27%20fill-opacity%3D%220%22%2F%3E%3C%2Fsvg%3E\" data-orig-src=\"https:\/\/denkmalkunst-kunstdenkmal.de\/hann-muenden\/wp-content\/uploads\/sites\/2\/2024\/07\/Kooperation_k.jpeg\" data-srcset=\"https:\/\/denkmalkunst-kunstdenkmal.de\/hann-muenden\/wp-content\/uploads\/sites\/2\/2024\/07\/Kooperation_k-200x200.jpeg 200w, https:\/\/denkmalkunst-kunstdenkmal.de\/hann-muenden\/wp-content\/uploads\/sites\/2\/2024\/07\/Kooperation_k-400x400.jpeg 400w, https:\/\/denkmalkunst-kunstdenkmal.de\/hann-muenden\/wp-content\/uploads\/sites\/2\/2024\/07\/Kooperation_k-600x600.jpeg 600w, https:\/\/denkmalkunst-kunstdenkmal.de\/hann-muenden\/wp-content\/uploads\/sites\/2\/2024\/07\/Kooperation_k.jpeg 800w\" data-sizes=\"auto\" \/><div class=\"fusion-rollover\">\n\t<div class=\"fusion-rollover-content\">\n\n\t\t\t\t\n\t\t\n\t\t\t\t\t\t\t\t\n\t\t\t\t\t\t\t\t\n\t\t\n\t\t\t\t\t\t<a class=\"fusion-link-wrapper\" href=\"https:\/\/denkmalkunst-kunstdenkmal.de\/hann-muenden\/ehrenamt-braucht-hauptamt\/\" aria-label=\"Ehrenamt braucht Hauptamt\"><\/a>\n\t<\/div>\n<\/div>\n<\/div>\n<\/li>\n\t\t\t\n\t\t\t\n\t\t\t\t\t\t\t\t\t\t\t\t\t\t\t\t\t\t\t\t\t\t\t\t\t\t\t\t\t\t\t\t\t\t\t\t\t\t\t\t\t\t\t\t\t\t\t\t\t\t\t\t\t\t\t\t\t\t\t\t\t\t\t\t\t\t\t\t<\/ul>\n\t<\/div>\n\t<div class=\"fusion-post-content-wrapper\" style=\"padding:30px 25px 20px 25px;\"><div class=\"fusion-post-content post-content\"><h2 class=\"blog-shortcode-post-title entry-title\"><a href=\"https:\/\/denkmalkunst-kunstdenkmal.de\/hann-muenden\/ehrenamt-braucht-hauptamt\/\">Ehrenamt braucht Hauptamt<\/a><\/h2><p class=\"fusion-single-line-meta\"><span class=\"vcard\" style=\"display: none;\"><span class=\"fn\"><a href=\"https:\/\/denkmalkunst-kunstdenkmal.de\/hann-muenden\/author\/frankpeterrothe\/\" title=\"Beitr\u00e4ge von Frank-Peter Rothe\" rel=\"author\">Frank-Peter Rothe<\/a><\/span><\/span><span class=\"updated\" style=\"display:none;\">2024-07-06T17:48:40+02:00<\/span><span>6. Juli 2024<\/span><span class=\"fusion-inline-sep\">|<\/span><\/p><div class=\"fusion-content-sep sep-double sep-solid\"><\/div><div class=\"fusion-post-content-container\"><p> Neun Tage Kunst und Kultur in der Dreifl\u00fcssestadt, \u00fcber 7.000 verkaufte Tages- und Dauerkarten,<a href=\"https:\/\/denkmalkunst-kunstdenkmal.de\/hann-muenden\/ehrenamt-braucht-hauptamt\/\"> [...]<\/a><\/p><\/div><\/div><div class=\"fusion-meta-info\"><div class=\"fusion-alignleft\"><a class=\"fusion-read-more\" href=\"https:\/\/denkmalkunst-kunstdenkmal.de\/hann-muenden\/ehrenamt-braucht-hauptamt\/\" aria-label=\"More on Ehrenamt braucht Hauptamt\">Weiterlesen<\/a><\/div><\/div><\/div><div class=\"fusion-clearfix\"><\/div><\/div>\n<\/article>\n<article id=\"blog-1-post-7537\" class=\"fusion-post-grid post-7537 post type-post status-publish format-standard has-post-thumbnail hentry category-aktuelles\">\n<div class=\"fusion-post-wrapper\" style=\"background-color:rgba(255,255,255,0);border:1px solid #ebeaea;border-bottom-width:3px;\">\n\n\t\t\t<div class=\"fusion-flexslider flexslider fusion-flexslider-loading fusion-post-slideshow\" style=\"border-color:#ebeaea;\">\n\t\t<ul class=\"slides\">\n\t\t\t\n\t\t\t\t\t\t\t\t\t\t\t\t\t\t<li><div  class=\"fusion-image-wrapper\" aria-haspopup=\"true\">\n\t\t\t\t<img decoding=\"async\" width=\"800\" height=\"800\" src=\"https:\/\/denkmalkunst-kunstdenkmal.de\/hann-muenden\/wp-content\/uploads\/sites\/2\/2024\/06\/Kino.jpg\" class=\"attachment-full size-full lazyload wp-post-image\" alt=\"\" srcset=\"data:image\/svg+xml,%3Csvg%20xmlns%3D%27http%3A%2F%2Fwww.w3.org%2F2000%2Fsvg%27%20width%3D%27800%27%20height%3D%27800%27%20viewBox%3D%270%200%20800%20800%27%3E%3Crect%20width%3D%27800%27%20height%3D%27800%27%20fill-opacity%3D%220%22%2F%3E%3C%2Fsvg%3E\" data-orig-src=\"https:\/\/denkmalkunst-kunstdenkmal.de\/hann-muenden\/wp-content\/uploads\/sites\/2\/2024\/06\/Kino.jpg\" data-srcset=\"https:\/\/denkmalkunst-kunstdenkmal.de\/hann-muenden\/wp-content\/uploads\/sites\/2\/2024\/06\/Kino-200x200.jpg 200w, https:\/\/denkmalkunst-kunstdenkmal.de\/hann-muenden\/wp-content\/uploads\/sites\/2\/2024\/06\/Kino-400x400.jpg 400w, https:\/\/denkmalkunst-kunstdenkmal.de\/hann-muenden\/wp-content\/uploads\/sites\/2\/2024\/06\/Kino-600x600.jpg 600w, https:\/\/denkmalkunst-kunstdenkmal.de\/hann-muenden\/wp-content\/uploads\/sites\/2\/2024\/06\/Kino.jpg 800w\" data-sizes=\"auto\" \/><div class=\"fusion-rollover\">\n\t<div class=\"fusion-rollover-content\">\n\n\t\t\t\t\n\t\t\n\t\t\t\t\t\t\t\t\n\t\t\t\t\t\t\t\t\n\t\t\n\t\t\t\t\t\t<a class=\"fusion-link-wrapper\" href=\"https:\/\/denkmalkunst-kunstdenkmal.de\/hann-muenden\/dkkdokufilme_online\/\" aria-label=\"DKKDokufilme online\"><\/a>\n\t<\/div>\n<\/div>\n<\/div>\n<\/li>\n\t\t\t\n\t\t\t\n\t\t\t\t\t\t\t\t\t\t\t\t\t\t\t\t\t\t\t\t\t\t\t\t\t\t\t\t\t\t\t\t\t\t\t\t\t\t\t\t\t\t\t\t\t\t\t\t\t\t\t\t\t\t\t\t\t\t\t\t\t\t\t\t\t\t\t\t<\/ul>\n\t<\/div>\n\t<div class=\"fusion-post-content-wrapper\" style=\"padding:30px 25px 20px 25px;\"><div class=\"fusion-post-content post-content\"><h2 class=\"blog-shortcode-post-title entry-title\"><a href=\"https:\/\/denkmalkunst-kunstdenkmal.de\/hann-muenden\/dkkdokufilme_online\/\">DKKDokufilme online<\/a><\/h2><p class=\"fusion-single-line-meta\"><span class=\"vcard\" style=\"display: none;\"><span class=\"fn\"><a href=\"https:\/\/denkmalkunst-kunstdenkmal.de\/hann-muenden\/author\/frankpeterrothe\/\" title=\"Beitr\u00e4ge von Frank-Peter Rothe\" rel=\"author\">Frank-Peter Rothe<\/a><\/span><\/span><span class=\"updated\" style=\"display:none;\">2024-06-04T19:24:30+02:00<\/span><span>4. Juni 2024<\/span><span class=\"fusion-inline-sep\">|<\/span><\/p><div class=\"fusion-content-sep sep-double sep-solid\"><\/div><div class=\"fusion-post-content-container\"><p> Nach der Urauff\u00fchrung am 02.06. sind die 12 Filme vom Festival 2022 jetzt abrufbar<a href=\"https:\/\/denkmalkunst-kunstdenkmal.de\/hann-muenden\/dkkdokufilme_online\/\"> [...]<\/a><\/p><\/div><\/div><div class=\"fusion-meta-info\"><div class=\"fusion-alignleft\"><a class=\"fusion-read-more\" href=\"https:\/\/denkmalkunst-kunstdenkmal.de\/hann-muenden\/dkkdokufilme_online\/\" aria-label=\"More on DKKDokufilme online\">Weiterlesen<\/a><\/div><\/div><\/div><div class=\"fusion-clearfix\"><\/div><\/div>\n<\/article>\n<article id=\"blog-1-post-7528\" class=\"fusion-post-grid post-7528 post type-post status-publish format-standard has-post-thumbnail hentry category-aktuelles\">\n<div class=\"fusion-post-wrapper\" style=\"background-color:rgba(255,255,255,0);border:1px solid #ebeaea;border-bottom-width:3px;\">\n\n\t\t\t<div class=\"fusion-flexslider flexslider fusion-flexslider-loading fusion-post-slideshow\" style=\"border-color:#ebeaea;\">\n\t\t<ul class=\"slides\">\n\t\t\t\n\t\t\t\t\t\t\t\t\t\t\t\t\t\t<li><div  class=\"fusion-image-wrapper\" aria-haspopup=\"true\">\n\t\t\t\t<img decoding=\"async\" width=\"800\" height=\"800\" src=\"https:\/\/denkmalkunst-kunstdenkmal.de\/hann-muenden\/wp-content\/uploads\/sites\/2\/2024\/05\/DKKD-Kino.jpg\" class=\"attachment-full size-full lazyload wp-post-image\" alt=\"\" srcset=\"data:image\/svg+xml,%3Csvg%20xmlns%3D%27http%3A%2F%2Fwww.w3.org%2F2000%2Fsvg%27%20width%3D%27800%27%20height%3D%27800%27%20viewBox%3D%270%200%20800%20800%27%3E%3Crect%20width%3D%27800%27%20height%3D%27800%27%20fill-opacity%3D%220%22%2F%3E%3C%2Fsvg%3E\" data-orig-src=\"https:\/\/denkmalkunst-kunstdenkmal.de\/hann-muenden\/wp-content\/uploads\/sites\/2\/2024\/05\/DKKD-Kino.jpg\" data-srcset=\"https:\/\/denkmalkunst-kunstdenkmal.de\/hann-muenden\/wp-content\/uploads\/sites\/2\/2024\/05\/DKKD-Kino-200x200.jpg 200w, https:\/\/denkmalkunst-kunstdenkmal.de\/hann-muenden\/wp-content\/uploads\/sites\/2\/2024\/05\/DKKD-Kino-400x400.jpg 400w, https:\/\/denkmalkunst-kunstdenkmal.de\/hann-muenden\/wp-content\/uploads\/sites\/2\/2024\/05\/DKKD-Kino-600x600.jpg 600w, https:\/\/denkmalkunst-kunstdenkmal.de\/hann-muenden\/wp-content\/uploads\/sites\/2\/2024\/05\/DKKD-Kino.jpg 800w\" data-sizes=\"auto\" \/><div class=\"fusion-rollover\">\n\t<div class=\"fusion-rollover-content\">\n\n\t\t\t\t\n\t\t\n\t\t\t\t\t\t\t\t\n\t\t\t\t\t\t\t\t\n\t\t\n\t\t\t\t\t\t<a class=\"fusion-link-wrapper\" href=\"https:\/\/denkmalkunst-kunstdenkmal.de\/hann-muenden\/dkkdokufilm\/\" aria-label=\"DKKDokufilm\"><\/a>\n\t<\/div>\n<\/div>\n<\/div>\n<\/li>\n\t\t\t\n\t\t\t\n\t\t\t\t\t\t\t\t\t\t\t\t\t\t\t\t\t\t\t\t\t\t\t\t\t\t\t\t\t\t\t\t\t\t\t\t\t\t\t\t\t\t\t\t\t\t\t\t\t\t\t\t\t\t\t\t\t\t\t\t\t\t\t\t\t\t\t\t<\/ul>\n\t<\/div>\n\t<div class=\"fusion-post-content-wrapper\" style=\"padding:30px 25px 20px 25px;\"><div class=\"fusion-post-content post-content\"><h2 class=\"blog-shortcode-post-title entry-title\"><a href=\"https:\/\/denkmalkunst-kunstdenkmal.de\/hann-muenden\/dkkdokufilm\/\">DKKDokufilm<\/a><\/h2><p class=\"fusion-single-line-meta\"><span class=\"vcard\" style=\"display: none;\"><span class=\"fn\"><a href=\"https:\/\/denkmalkunst-kunstdenkmal.de\/hann-muenden\/author\/frankpeterrothe\/\" title=\"Beitr\u00e4ge von Frank-Peter Rothe\" rel=\"author\">Frank-Peter Rothe<\/a><\/span><\/span><span class=\"updated\" style=\"display:none;\">2024-05-30T18:04:42+02:00<\/span><span>23. Mai 2024<\/span><span class=\"fusion-inline-sep\">|<\/span><\/p><div class=\"fusion-content-sep sep-double sep-solid\"><\/div><div class=\"fusion-post-content-container\"><p> Der DKKDokufilm wurde w\u00e4hrend des Festivals 2022 zusammen mit Jugendlichen im Rahmen des vereins\u00fcbergreifenden<a href=\"https:\/\/denkmalkunst-kunstdenkmal.de\/hann-muenden\/dkkdokufilm\/\"> [...]<\/a><\/p><\/div><\/div><div class=\"fusion-meta-info\"><div class=\"fusion-alignleft\"><a class=\"fusion-read-more\" href=\"https:\/\/denkmalkunst-kunstdenkmal.de\/hann-muenden\/dkkdokufilm\/\" aria-label=\"More on DKKDokufilm\">Weiterlesen<\/a><\/div><\/div><\/div><div class=\"fusion-clearfix\"><\/div><\/div>\n<\/article>\n<div class=\"fusion-clearfix\"><\/div><\/div><\/div><\/div><\/div><\/div><\/div>\n","protected":false},"excerpt":{"rendered":"","protected":false},"author":1,"featured_media":0,"parent":0,"menu_order":0,"comment_status":"closed","ping_status":"closed","template":"","meta":{"footnotes":""},"class_list":["post-1629","page","type-page","status-publish","hentry"],"_links":{"self":[{"href":"https:\/\/denkmalkunst-kunstdenkmal.de\/hann-muenden\/wp-json\/wp\/v2\/pages\/1629","targetHints":{"allow":["GET"]}}],"collection":[{"href":"https:\/\/denkmalkunst-kunstdenkmal.de\/hann-muenden\/wp-json\/wp\/v2\/pages"}],"about":[{"href":"https:\/\/denkmalkunst-kunstdenkmal.de\/hann-muenden\/wp-json\/wp\/v2\/types\/page"}],"author":[{"embeddable":true,"href":"https:\/\/denkmalkunst-kunstdenkmal.de\/hann-muenden\/wp-json\/wp\/v2\/users\/1"}],"replies":[{"embeddable":true,"href":"https:\/\/denkmalkunst-kunstdenkmal.de\/hann-muenden\/wp-json\/wp\/v2\/comments?post=1629"}],"version-history":[{"count":5,"href":"https:\/\/denkmalkunst-kunstdenkmal.de\/hann-muenden\/wp-json\/wp\/v2\/pages\/1629\/revisions"}],"predecessor-version":[{"id":5548,"href":"https:\/\/denkmalkunst-kunstdenkmal.de\/hann-muenden\/wp-json\/wp\/v2\/pages\/1629\/revisions\/5548"}],"wp:attachment":[{"href":"https:\/\/denkmalkunst-kunstdenkmal.de\/hann-muenden\/wp-json\/wp\/v2\/media?parent=1629"}],"curies":[{"name":"wp","href":"https:\/\/api.w.org\/{rel}","templated":true}]}}